{"id":30094,"date":"2022-08-26T17:41:45","date_gmt":"2022-08-26T15:41:45","guid":{"rendered":"https:\/\/architecte-decoration-interieur.ch\/?page_id=30094"},"modified":"2023-08-23T11:23:29","modified_gmt":"2023-08-23T09:23:29","slug":"porada","status":"publish","type":"page","link":"https:\/\/architecte-decoration-interieur.ch\/fr_fr\/porada\/","title":{"rendered":"PORADA"},"content":{"rendered":"\t\t<div data-elementor-type=\"wp-page\" data-elementor-id=\"30094\" class=\"elementor elementor-30094\" data-elementor-post-type=\"page\">\n\t\t\t\t\t\t<section class=\"has_ae_slider elementor-section elementor-top-section elementor-element elementor-element-37f2e80 elementor-section-boxed elementor-section-height-default elementor-section-height-default ae-bg-gallery-type-default\" data-id=\"37f2e80\" data-element_type=\"section\">\n\t\t\t\t\t\t<div class=\"elementor-container elementor-column-gap-default\">\n\t\t\t\t\t<div class=\"has_ae_slider elementor-column elementor-col-100 elementor-top-column elementor-element elementor-element-d963748 ae-bg-gallery-type-default\" data-id=\"d963748\" data-element_type=\"column\">\n\t\t\t<div class=\"elementor-widget-wrap\">\n\t\t\t\t\t\t\t<\/div>\n\t\t<\/div>\n\t\t\t\t\t<\/div>\n\t\t<\/section>\n\t\t\t\t<section class=\"has_ae_slider elementor-section elementor-top-section elementor-element elementor-element-2a2717b elementor-section-full_width elementor-section-height-default elementor-section-height-default ae-bg-gallery-type-default\" data-id=\"2a2717b\" data-element_type=\"section\">\n\t\t\t\t\t\t<div class=\"elementor-container elementor-column-gap-no\">\n\t\t\t\t\t<div class=\"has_ae_slider elementor-column elementor-col-100 elementor-top-column elementor-element elementor-element-fe35aba ae-bg-gallery-type-default\" data-id=\"fe35aba\" data-element_type=\"column\">\n\t\t\t<div class=\"elementor-widget-wrap elementor-element-populated\">\n\t\t\t\t\t\t<div class=\"elementor-element elementor-element-c6891f0 elementor-widget elementor-widget-slider_revolution\" data-id=\"c6891f0\" data-element_type=\"widget\" data-widget_type=\"slider_revolution.default\">\n\t\t\t\t<div class=\"elementor-widget-container\">\n\t\t\t\t\t\r\n\t\t<div class=\"wp-block-themepunch-revslider\">\n\t\t\t<!-- START PORADA REVOLUTION SLIDER 6.4.2 --><p class=\"rs-p-wp-fix\"><\/p>\n\t\t\t<rs-module-wrap id=\"rev_slider_20_1_wrapper\" data-source=\"gallery\" style=\"background:transparent;padding:0;margin:0px auto;margin-top:0;margin-bottom:0;\">\n\t\t\t\t<rs-module id=\"rev_slider_20_1\" style=\"\" data-version=\"6.4.2\">\n\t\t\t\t\t<rs-slides>\n\t\t\t\t\t\t<rs-slide data-key=\"rs-123\" data-title=\"Slider1\" data-in=\"o:0;\" data-out=\"a:false;\">\n\t\t\t\t\t\t\t<img fetchpriority=\"high\" fetchpriority=\"high\" decoding=\"async\" src=\"\/\/architecte-decoration-interieur.ch\/wp-content\/uploads\/2022\/07\/Porada-1.jpg\" title=\"Porada-1\" width=\"1280\" height=\"854\" class=\"rev-slidebg\" data-no-retina>\n<!---->\t\t\t\t\t\t<\/rs-slide>\n\t\t\t\t\t\t<rs-slide data-key=\"rs-124\" data-title=\"Slider1\" data-in=\"o:0;\" data-out=\"a:false;\">\n\t\t\t\t\t\t\t<img decoding=\"async\" src=\"\/\/architecte-decoration-interieur.ch\/wp-content\/uploads\/2022\/07\/Porada-2.jpg\" title=\"Porada-2\" width=\"1280\" height=\"854\" class=\"rev-slidebg\" data-no-retina>\n<!---->\t\t\t\t\t\t<\/rs-slide>\n\t\t\t\t\t\t<rs-slide data-key=\"rs-125\" data-title=\"Slider1\" data-in=\"o:0;\" data-out=\"a:false;\">\n\t\t\t\t\t\t\t<img decoding=\"async\" src=\"\/\/architecte-decoration-interieur.ch\/wp-content\/uploads\/2022\/07\/Porada-3.jpg\" title=\"Porada-3\" width=\"1280\" height=\"854\" class=\"rev-slidebg\" data-no-retina>\n<!---->\t\t\t\t\t\t<\/rs-slide>\n\t\t\t\t\t\t<rs-slide data-key=\"rs-126\" data-title=\"Slider1\" data-in=\"o:0;\" data-out=\"a:false;\">\n\t\t\t\t\t\t\t<img loading=\"lazy\" loading=\"lazy\" decoding=\"async\" src=\"\/\/architecte-decoration-interieur.ch\/wp-content\/uploads\/2022\/07\/Porada-4.jpg\" title=\"Porada-4\" width=\"1280\" height=\"854\" class=\"rev-slidebg\" data-no-retina>\n<!---->\t\t\t\t\t\t<\/rs-slide>\n\t\t\t\t\t\t<rs-slide data-key=\"rs-127\" data-title=\"Slider1\" data-in=\"o:0;\" data-out=\"a:false;\">\n\t\t\t\t\t\t\t<img loading=\"lazy\" loading=\"lazy\" decoding=\"async\" src=\"\/\/architecte-decoration-interieur.ch\/wp-content\/uploads\/2022\/07\/Porada-5.jpg\" title=\"Porada-5\" width=\"1280\" height=\"854\" class=\"rev-slidebg\" data-no-retina>\n<!---->\t\t\t\t\t\t<\/rs-slide>\n\t\t\t\t\t<\/rs-slides>\n\t\t\t\t\t<rs-static-layers><!--\n\t\t\t\t\t--><\/rs-static-layers>\n\t\t\t\t<\/rs-module>\n\t\t\t\t<script type=\"text\/javascript\">\n\t\t\t\t\tsetREVStartSize({c: 'rev_slider_20_1',rl:[1240,1024,778,480],el:[900,768,960,720],gw:[1240,1024,778,480],gh:[900,768,960,720],type:'standard',justify:'',layout:'fullwidth',mh:\"0\"});\n\t\t\t\t\tvar\trevapi20,\n\t\t\t\t\t\ttpj;\n\t\t\t\t\tfunction revinit_revslider201() {\n\t\t\t\t\tjQuery(function() {\n\t\t\t\t\t\ttpj = jQuery;\n\t\t\t\t\t\trevapi20 = tpj(\"#rev_slider_20_1\");\n\t\t\t\t\t\tif(revapi20==undefined || revapi20.revolution == undefined){\n\t\t\t\t\t\t\trevslider_showDoubleJqueryError(\"rev_slider_20_1\");\n\t\t\t\t\t\t}else{\n\t\t\t\t\t\t\trevapi20.revolution({\n\t\t\t\t\t\t\t\tduration:\"4000ms\",\n\t\t\t\t\t\t\t\tvisibilityLevels:\"1240,1024,778,480\",\n\t\t\t\t\t\t\t\tgridwidth:\"1240,1024,778,480\",\n\t\t\t\t\t\t\t\tgridheight:\"900,768,960,720\",\n\t\t\t\t\t\t\t\tperspective:600,\n\t\t\t\t\t\t\t\tperspectiveType:\"global\",\n\t\t\t\t\t\t\t\teditorheight:\"900,768,960,720\",\n\t\t\t\t\t\t\t\tresponsiveLevels:\"1240,1024,778,480\",\n\t\t\t\t\t\t\t\tprogressBar: {\n\t\t\t\t\t\t\t\t\tsize:5,\n\t\t\t\t\t\t\t\t\tx:0,\n\t\t\t\t\t\t\t\t\ty:0\n\t\t\t\t\t\t\t\t},\n\t\t\t\t\t\t\t\tnavigation: {\n\t\t\t\t\t\t\t\t\tonHoverStop:false\n\t\t\t\t\t\t\t\t},\n\t\t\t\t\t\t\t\tfallbacks: {\n\t\t\t\t\t\t\t\t\tallowHTML5AutoPlayOnAndroid:true\n\t\t\t\t\t\t\t\t},\n\t\t\t\t\t\t\t});\n\t\t\t\t\t\t}\n\t\t\t\t\t\t\n\t\t\t\t\t});\n\t\t\t\t\t} \/\/ End of RevInitScript\n\t\t\t\tvar once_revslider201 = false;\n\t\t\t\tif (document.readyState === \"loading\") {document.addEventListener('readystatechange',function() { if((document.readyState === \"interactive\" || document.readyState === \"complete\") && !once_revslider201 ) { once_revslider201 = true; revinit_revslider201();}});} else {once_revslider201 = true; revinit_revslider201();}\n\t\t\t\t<\/script>\n\t\t\t<\/rs-module-wrap>\n\t\t\t<!-- END REVOLUTION SLIDER -->\n<\/div>\r\n\r\n\t\t\t\t\t\t<\/div>\n\t\t\t\t<\/div>\n\t\t\t\t\t<\/div>\n\t\t<\/div>\n\t\t\t\t\t<\/div>\n\t\t<\/section>\n\t\t\t\t<section class=\"has_ae_slider elementor-section elementor-top-section elementor-element elementor-element-9631e81 elementor-section-boxed elementor-section-height-default elementor-section-height-default ae-bg-gallery-type-default\" data-id=\"9631e81\" data-element_type=\"section\">\n\t\t\t\t\t\t<div class=\"elementor-container elementor-column-gap-default\">\n\t\t\t\t\t<div class=\"has_ae_slider elementor-column elementor-col-100 elementor-top-column elementor-element elementor-element-81f2075 ae-bg-gallery-type-default\" data-id=\"81f2075\" data-element_type=\"column\">\n\t\t\t<div class=\"elementor-widget-wrap elementor-element-populated\">\n\t\t\t\t\t\t<div class=\"elementor-element elementor-element-9ebe551 elementor-widget elementor-widget-heading\" data-id=\"9ebe551\" data-element_type=\"widget\" data-widget_type=\"heading.default\">\n\t\t\t\t<div class=\"elementor-widget-container\">\n\t\t\t\t\t<h2 class=\"elementor-heading-title elementor-size-default\">PORADA<\/h2>\t\t\t\t<\/div>\n\t\t\t\t<\/div>\n\t\t\t\t\t<\/div>\n\t\t<\/div>\n\t\t\t\t\t<\/div>\n\t\t<\/section>\n\t\t\t\t<section class=\"has_ae_slider elementor-section elementor-top-section elementor-element elementor-element-bc63c08 elementor-section-boxed elementor-section-height-default elementor-section-height-default ae-bg-gallery-type-default\" data-id=\"bc63c08\" data-element_type=\"section\">\n\t\t\t\t\t\t<div class=\"elementor-container elementor-column-gap-default\">\n\t\t\t\t\t<div class=\"has_ae_slider elementor-column elementor-col-100 elementor-top-column elementor-element elementor-element-880d7f7 ae-bg-gallery-type-default\" data-id=\"880d7f7\" data-element_type=\"column\">\n\t\t\t<div class=\"elementor-widget-wrap elementor-element-populated\">\n\t\t\t\t\t\t<div class=\"elementor-element elementor-element-4881fef elementor-widget elementor-widget-text-editor\" data-id=\"4881fef\" data-element_type=\"widget\" data-widget_type=\"text-editor.default\">\n\t\t\t\t<div class=\"elementor-widget-container\">\n\t\t\t\t\t\t\t\t\t<p>Un m\u00e9lange harmonieux d&#8217;inspirations contemporaines et de savoir-faire artisanal, des cr\u00e9ations qui honorent la garantie de haute qualit\u00e9 \u00abmade in Italy\u00bb.<\/p><p><a href=\"http:\/\/www.porada.it\" target=\"_blank\" rel=\"noopener\" style=\"font-size: 18px;\">www.porada.it<\/a><\/p>\n<p><\/p>\t\t\t\t\t\t\t\t<\/div>\n\t\t\t\t<\/div>\n\t\t\t\t\t<\/div>\n\t\t<\/div>\n\t\t\t\t\t<\/div>\n\t\t<\/section>\n\t\t\t\t<section class=\"has_ae_slider elementor-section elementor-top-section elementor-element elementor-element-c9b8959 elementor-section-boxed elementor-section-height-default elementor-section-height-default ae-bg-gallery-type-default\" data-id=\"c9b8959\" data-element_type=\"section\">\n\t\t\t\t\t\t<div class=\"elementor-container elementor-column-gap-default\">\n\t\t\t\t\t<div class=\"has_ae_slider elementor-column elementor-col-100 elementor-top-column elementor-element elementor-element-58b1a72 ae-bg-gallery-type-default\" data-id=\"58b1a72\" data-element_type=\"column\">\n\t\t\t<div class=\"elementor-widget-wrap elementor-element-populated\">\n\t\t\t\t\t\t<div class=\"elementor-element elementor-element-52f31c8 elementor-widget elementor-widget-image\" data-id=\"52f31c8\" data-element_type=\"widget\" data-widget_type=\"image.default\">\n\t\t\t\t<div class=\"elementor-widget-container\">\n\t\t\t\t\t\t\t\t\t\t\t\t\t\t\t\t<a href=\"https:\/\/architecte-decoration-interieur.ch\/marques\/\">\n\t\t\t\t\t\t\t<img decoding=\"async\" src=\"https:\/\/architecte-decoration-interieur.ch\/wp-content\/uploads\/elementor\/thumbs\/bouton-back-q03r2w4g4weqa9rdyjkfok88abp7qyrc2aqjy5svyg.png\" title=\"bouton-back\" alt=\"bouton-back\" loading=\"lazy\" \/>\t\t\t\t\t\t\t\t<\/a>\n\t\t\t\t\t\t\t\t\t\t\t\t\t\t\t<\/div>\n\t\t\t\t<\/div>\n\t\t\t\t\t<\/div>\n\t\t<\/div>\n\t\t\t\t\t<\/div>\n\t\t<\/section>\n\t\t\t\t<\/div>\n\t\t","protected":false},"excerpt":{"rendered":"<p>\n\t\t\t<!-- START PORADA REVOLUTION SLIDER 6.4.2 --><p class=\"rs-p-wp-fix\"><\/p>\n\t\t\t<rs-module-wrap id=\"rev_slider_20_2_wrapper\" data-source=\"gallery\" style=\"background:transparent;padding:0;margin:0px auto;margin-top:0;margin-bottom:0;\">\n\t\t\t\t<rs-module id=\"rev_slider_20_2\" style=\"\" data-version=\"6.4.2\">\n\t\t\t\t\t<rs-slides>\n\t\t\t\t\t\t<rs-slide data-key=\"rs-123\" data-title=\"Slider1\" data-in=\"o:0;\" data-out=\"a:false;\">\n\t\t\t\t\t\t\t<img fetchpriority=\"high\" decoding=\"async\" src=\"\/\/architecte-decoration-interieur.ch\/wp-content\/uploads\/2022\/07\/Porada-1.jpg\" title=\"Porada-1\" width=\"1280\" height=\"854\" class=\"rev-slidebg\" data-no-retina>\n<!---->\t\t\t\t\t\t<\/rs-slide>\n\t\t\t\t\t\t<rs-slide data-key=\"rs-124\" data-title=\"Slider1\" data-in=\"o:0;\" data-out=\"a:false;\">\n\t\t\t\t\t\t\t<img decoding=\"async\" src=\"\/\/architecte-decoration-interieur.ch\/wp-content\/uploads\/2022\/07\/Porada-2.jpg\" title=\"Porada-2\" width=\"1280\" height=\"854\" class=\"rev-slidebg\" data-no-retina>\n<!---->\t\t\t\t\t\t<\/rs-slide>\n\t\t\t\t\t\t<rs-slide data-key=\"rs-125\" data-title=\"Slider1\" data-in=\"o:0;\" data-out=\"a:false;\">\n\t\t\t\t\t\t\t<img decoding=\"async\" src=\"\/\/architecte-decoration-interieur.ch\/wp-content\/uploads\/2022\/07\/Porada-3.jpg\" title=\"Porada-3\" width=\"1280\" height=\"854\" class=\"rev-slidebg\" data-no-retina>\n<!---->\t\t\t\t\t\t<\/rs-slide>\n\t\t\t\t\t\t<rs-slide data-key=\"rs-126\" data-title=\"Slider1\" data-in=\"o:0;\" data-out=\"a:false;\">\n\t\t\t\t\t\t\t<img loading=\"lazy\" decoding=\"async\" src=\"\/\/architecte-decoration-interieur.ch\/wp-content\/uploads\/2022\/07\/Porada-4.jpg\" title=\"Porada-4\" width=\"1280\" height=\"854\" class=\"rev-slidebg\" data-no-retina>\n<!---->\t\t\t\t\t\t<\/rs-slide>\n\t\t\t\t\t\t<rs-slide data-key=\"rs-127\" data-title=\"Slider1\" data-in=\"o:0;\" data-out=\"a:false;\">\n\t\t\t\t\t\t\t<img loading=\"lazy\" decoding=\"async\" src=\"\/\/architecte-decoration-interieur.ch\/wp-content\/uploads\/2022\/07\/Porada-5.jpg\" title=\"Porada-5\" width=\"1280\" height=\"854\" class=\"rev-slidebg\" data-no-retina>\n<!---->\t\t\t\t\t\t<\/rs-slide>\n\t\t\t\t\t<\/rs-slides>\n\t\t\t\t\t<rs-static-layers><!--\n\t\t\t\t\t--><\/rs-static-layers>\n\t\t\t\t<\/rs-module>\n\t\t\t\t<script type=\"text\/javascript\">\n\t\t\t\t\tsetREVStartSize({c: 'rev_slider_20_2',rl:[1240,1024,778,480],el:[900,768,960,720],gw:[1240,1024,778,480],gh:[900,768,960,720],type:'standard',justify:'',layout:'fullwidth',mh:\"0\"});\n\t\t\t\t\tvar\trevapi20,\n\t\t\t\t\t\ttpj;\n\t\t\t\t\tfunction revinit_revslider202() {\n\t\t\t\t\tjQuery(function() {\n\t\t\t\t\t\ttpj = jQuery;\n\t\t\t\t\t\trevapi20 = tpj(\"#rev_slider_20_2\");\n\t\t\t\t\t\tif(revapi20==undefined || revapi20.revolution == undefined){\n\t\t\t\t\t\t\trevslider_showDoubleJqueryError(\"rev_slider_20_2\");\n\t\t\t\t\t\t}else{\n\t\t\t\t\t\t\trevapi20.revolution({\n\t\t\t\t\t\t\t\tduration:\"4000ms\",\n\t\t\t\t\t\t\t\tvisibilityLevels:\"1240,1024,778,480\",\n\t\t\t\t\t\t\t\tgridwidth:\"1240,1024,778,480\",\n\t\t\t\t\t\t\t\tgridheight:\"900,768,960,720\",\n\t\t\t\t\t\t\t\tperspective:600,\n\t\t\t\t\t\t\t\tperspectiveType:\"global\",\n\t\t\t\t\t\t\t\teditorheight:\"900,768,960,720\",\n\t\t\t\t\t\t\t\tresponsiveLevels:\"1240,1024,778,480\",\n\t\t\t\t\t\t\t\tprogressBar: {\n\t\t\t\t\t\t\t\t\tsize:5,\n\t\t\t\t\t\t\t\t\tx:0,\n\t\t\t\t\t\t\t\t\ty:0\n\t\t\t\t\t\t\t\t},\n\t\t\t\t\t\t\t\tnavigation: {\n\t\t\t\t\t\t\t\t\tonHoverStop:false\n\t\t\t\t\t\t\t\t},\n\t\t\t\t\t\t\t\tfallbacks: {\n\t\t\t\t\t\t\t\t\tallowHTML5AutoPlayOnAndroid:true\n\t\t\t\t\t\t\t\t},\n\t\t\t\t\t\t\t});\n\t\t\t\t\t\t}\n\t\t\t\t\t\t\n\t\t\t\t\t});\n\t\t\t\t\t} \/\/ End of RevInitScript\n\t\t\t\tvar once_revslider202 = false;\n\t\t\t\tif (document.readyState === \"loading\") {document.addEventListener('readystatechange',function() { if((document.readyState === \"interactive\" || document.readyState === \"complete\") && !once_revslider202 ) { once_revslider202 = true; revinit_revslider202();}});} else {once_revslider202 = true; revinit_revslider202();}\n\t\t\t\t<\/script>\n\t\t\t<\/rs-module-wrap>\n\t\t\t<!-- END REVOLUTION SLIDER -->\n PORADA Un m\u00e9lange harmonieux d&#8217;inspirations contemporaines et de savoir-faire artisanal, des cr\u00e9ations qui honorent la garantie de haute qualit\u00e9 \u00abmade in Italy\u00bb.www.porada.it<\/p>\n","protected":false},"author":1,"featured_media":30100,"parent":0,"menu_order":0,"comment_status":"closed","ping_status":"closed","template":"","meta":{"_et_pb_use_builder":"on","_et_pb_old_content":"","_et_gb_content_width":"","footnotes":""},"class_list":["post-30094","page","type-page","status-publish","has-post-thumbnail","hentry"],"_links":{"self":[{"href":"https:\/\/architecte-decoration-interieur.ch\/fr_fr\/wp-json\/wp\/v2\/pages\/30094","targetHints":{"allow":["GET"]}}],"collection":[{"href":"https:\/\/architecte-decoration-interieur.ch\/fr_fr\/wp-json\/wp\/v2\/pages"}],"about":[{"href":"https:\/\/architecte-decoration-interieur.ch\/fr_fr\/wp-json\/wp\/v2\/types\/page"}],"author":[{"embeddable":true,"href":"https:\/\/architecte-decoration-interieur.ch\/fr_fr\/wp-json\/wp\/v2\/users\/1"}],"replies":[{"embeddable":true,"href":"https:\/\/architecte-decoration-interieur.ch\/fr_fr\/wp-json\/wp\/v2\/comments?post=30094"}],"version-history":[{"count":29,"href":"https:\/\/architecte-decoration-interieur.ch\/fr_fr\/wp-json\/wp\/v2\/pages\/30094\/revisions"}],"predecessor-version":[{"id":32304,"href":"https:\/\/architecte-decoration-interieur.ch\/fr_fr\/wp-json\/wp\/v2\/pages\/30094\/revisions\/32304"}],"wp:featuredmedia":[{"embeddable":true,"href":"https:\/\/architecte-decoration-interieur.ch\/fr_fr\/wp-json\/wp\/v2\/media\/30100"}],"wp:attachment":[{"href":"https:\/\/architecte-decoration-interieur.ch\/fr_fr\/wp-json\/wp\/v2\/media?parent=30094"}],"curies":[{"name":"wp","href":"https:\/\/api.w.org\/{rel}","templated":true}]}}